{"id":5956,"date":"2016-12-09T13:19:42","date_gmt":"2016-12-09T11:19:42","guid":{"rendered":"http:\/\/www.t-seyithanoglu.com\/?page_id=5956"},"modified":"2016-12-10T13:40:01","modified_gmt":"2016-12-10T11:40:01","slug":"m-teoman-seyithanoglu","status":"publish","type":"page","link":"http:\/\/www.t-seyithanoglu.com\/?page_id=5956","title":{"rendered":"Av. M. Teoman SEY\u0130THANO\u011eLU"},"content":{"rendered":"<div class=\"vc_row wpb_row vc_row-fluid\">\n<div class=\"vc_col-sm-8 wpb_column vc_column_container\">\n<div class=\"wpb_wrapper\">\n<div class=\"wpb_text_column wpb_content_element \">\n<div class=\"wpb_wrapper\">\n<p style=\"text-align: justify;\"><img loading=\"lazy\" class=\"size-medium wp-image-5898 alignleft\" src=\"http:\/\/www.t-seyithanoglu.com\/wp-content\/uploads\/2016\/12\/1-2-300x240.jpg\" alt=\"\" width=\"300\" height=\"240\" srcset=\"http:\/\/www.t-seyithanoglu.com\/wp-content\/uploads\/2016\/12\/1-2-300x240.jpg 300w, http:\/\/www.t-seyithanoglu.com\/wp-content\/uploads\/2016\/12\/1-2.jpg 470w\" sizes=\"(max-width: 300px) 100vw, 300px\" \/>1943 y\u0131l\u0131nda do\u011fmu\u015ftur. Hakim Abd\u00fclgani Seyithano\u011flu\u2019nun 4 erkek evlad\u0131ndan ikincisidir. \u0130lkokul tahsiline 1950 y\u0131l\u0131nda \u0130zmir Kar\u015f\u0131yaka\u2019da ba\u015flam\u0131\u015f, ilkokulu 1955 y\u0131l\u0131nda Kahramanmara\u015f\u2019ta bitirmi\u015ftir. K\u0131r\u015fehir Lisesi\u2019nden 1961 y\u0131l\u0131nda mezun olduktan sonra \u00f6nce Ortado\u011fu Teknik \u00dcniversitesi\u2019nin Elektrik ve Elektronik M\u00fchendisli\u011fi B\u00f6l\u00fcm\u00fc\u2019ne 4 y\u0131l devam etmi\u015f ve bu arada Ankara \u00dcniversitesi Siyasal Bilgiler Fak\u00fcltesi\u2019nde de 1 y\u0131l s\u00fcreyle \u00f6\u011frencilik yapm\u0131\u015ft\u0131r. Nihayet 1968 y\u0131l\u0131nda girdi\u011fi Ankara \u00dcniversitesi Hukuk Fak\u00fcltesi\u2019nden 1972 y\u0131l\u0131nda \u201c\u0130yi\u201d dereceyle ve \u00fc\u00e7\u00fcnc\u00fcl\u00fckle mezun olduktan hemen sonra Ankara Barosu\u2019nda ba\u015flad\u0131\u011f\u0131 avukatl\u0131k staj\u0131n\u0131 tamamlayarak 13.09.1973 tarihinde Ankara Barosu\u2019na 5101 sicil no.suyla kay\u0131tl\u0131 olarak serbest avukatl\u0131k faaliyetine ba\u015flam\u0131\u015ft\u0131r.<\/p>\n<p style=\"text-align: justify;\">B\u00f6ylece, 40 y\u0131l\u0131 a\u015fk\u0131n s\u00fcreden beri kesintisiz olarak Ankara Barosu\u2019na kay\u0131tl\u0131 serbest avukatl\u0131k faaliyetini s\u00fcrd\u00fcrmektedir. Fikri ve S\u0131nai Haklar Hukuku\u2019nda, Marka ve Patent konular\u0131 ba\u015fta olmak \u00fczere hukukumuza g\u00f6r\u00fc\u015f ve de\u011ferlendirmeleri ile \u00f6nemli katk\u0131lar sa\u011flad\u0131\u011f\u0131 ilgili camiada iyi bilinir ve her zaman takdir edilir.<\/p>\n<p style=\"text-align: justify;\">D\u00fcnyan\u0131n en \u00f6nde gelen medeni \u00fclkelerinin vatanda\u015flar\u0131n\u0131n T\u00fcrkiye\u2019de marka ve patent haklar\u0131n\u0131n korunmas\u0131nda \u00e7ok etkili olmu\u015f ve Avrupa\u2019da dahi bilinip takdir edilen hukuki m\u00fccadeleler vermi\u015ftir.<\/p>\n\n\t\t<style type=\"text\/css\">\n\t\t\t#gallery-1 {\n\t\t\t\tmargin: auto;\n\t\t\t}\n\t\t\t#gallery-1 .gallery-item {\n\t\t\t\tfloat: left;\n\t\t\t\tmargin-top: 10px;\n\t\t\t\ttext-align: center;\n\t\t\t\twidth: 25%;\n\t\t\t}\n\t\t\t#gallery-1 img {\n\t\t\t\tborder: 2px solid #cfcfcf;\n\t\t\t}\n\t\t\t#gallery-1 .gallery-caption {\n\t\t\t\tmargin-left: 0;\n\t\t\t}\n\t\t\t\/* see gallery_shortcode() in wp-includes\/media.php *\/\n\t\t<\/style>\n\t\t<div id='gallery-1' class='gallery galleryid-5956 gallery-columns-4 gallery-size-thumbnail'><dl class='gallery-item'>\n\t\t\t<dt class='gallery-icon landscape'>\n\t\t\t\t<a href='http:\/\/www.t-seyithanoglu.com\/wp-content\/uploads\/2016\/12\/avukatlik-belgesi.jpg'><img width=\"150\" height=\"150\" src=\"http:\/\/www.t-seyithanoglu.com\/wp-content\/uploads\/2016\/12\/avukatlik-belgesi-150x150.jpg\" class=\"attachment-thumbnail size-thumbnail\" alt=\"\" loading=\"lazy\" srcset=\"http:\/\/www.t-seyithanoglu.com\/wp-content\/uploads\/2016\/12\/avukatlik-belgesi-150x150.jpg 150w, http:\/\/www.t-seyithanoglu.com\/wp-content\/uploads\/2016\/12\/avukatlik-belgesi-45x45.jpg 45w\" sizes=\"(max-width: 150px) 100vw, 150px\" \/><\/a>\n\t\t\t<\/dt><\/dl><dl class='gallery-item'>\n\t\t\t<dt class='gallery-icon portrait'>\n\t\t\t\t<a href='http:\/\/www.t-seyithanoglu.com\/wp-content\/uploads\/2016\/12\/diyanet-plaket.jpg'><img width=\"150\" height=\"150\" src=\"http:\/\/www.t-seyithanoglu.com\/wp-content\/uploads\/2016\/12\/diyanet-plaket-150x150.jpg\" class=\"attachment-thumbnail size-thumbnail\" alt=\"\" loading=\"lazy\" srcset=\"http:\/\/www.t-seyithanoglu.com\/wp-content\/uploads\/2016\/12\/diyanet-plaket-150x150.jpg 150w, http:\/\/www.t-seyithanoglu.com\/wp-content\/uploads\/2016\/12\/diyanet-plaket-45x45.jpg 45w\" sizes=\"(max-width: 150px) 100vw, 150px\" \/><\/a>\n\t\t\t<\/dt><\/dl><dl class='gallery-item'>\n\t\t\t<dt class='gallery-icon landscape'>\n\t\t\t\t<a href='http:\/\/www.t-seyithanoglu.com\/wp-content\/uploads\/2016\/12\/markavekilligibelgesi-tseyithanoglu.jpg'><img width=\"150\" height=\"150\" src=\"http:\/\/www.t-seyithanoglu.com\/wp-content\/uploads\/2016\/12\/markavekilligibelgesi-tseyithanoglu-150x150.jpg\" class=\"attachment-thumbnail size-thumbnail\" alt=\"\" loading=\"lazy\" srcset=\"http:\/\/www.t-seyithanoglu.com\/wp-content\/uploads\/2016\/12\/markavekilligibelgesi-tseyithanoglu-150x150.jpg 150w, http:\/\/www.t-seyithanoglu.com\/wp-content\/uploads\/2016\/12\/markavekilligibelgesi-tseyithanoglu-45x45.jpg 45w\" sizes=\"(max-width: 150px) 100vw, 150px\" \/><\/a>\n\t\t\t<\/dt><\/dl><dl class='gallery-item'>\n\t\t\t<dt class='gallery-icon landscape'>\n\t\t\t\t<a href='http:\/\/www.t-seyithanoglu.com\/wp-content\/uploads\/2016\/12\/okulfotografi-tseyithanoglu.jpg'><img width=\"150\" height=\"150\" src=\"http:\/\/www.t-seyithanoglu.com\/wp-content\/uploads\/2016\/12\/okulfotografi-tseyithanoglu-150x150.jpg\" class=\"attachment-thumbnail size-thumbnail\" alt=\"\" loading=\"lazy\" srcset=\"http:\/\/www.t-seyithanoglu.com\/wp-content\/uploads\/2016\/12\/okulfotografi-tseyithanoglu-150x150.jpg 150w, http:\/\/www.t-seyithanoglu.com\/wp-content\/uploads\/2016\/12\/okulfotografi-tseyithanoglu-45x45.jpg 45w\" sizes=\"(max-width: 150px) 100vw, 150px\" \/><\/a>\n\t\t\t<\/dt><\/dl><br style=\"clear: both\" \/><dl class='gallery-item'>\n\t\t\t<dt class='gallery-icon landscape'>\n\t\t\t\t<a href='http:\/\/www.t-seyithanoglu.com\/wp-content\/uploads\/2016\/12\/patent-belgesi.jpg'><img width=\"150\" height=\"150\" src=\"http:\/\/www.t-seyithanoglu.com\/wp-content\/uploads\/2016\/12\/patent-belgesi-150x150.jpg\" class=\"attachment-thumbnail size-thumbnail\" alt=\"\" loading=\"lazy\" srcset=\"http:\/\/www.t-seyithanoglu.com\/wp-content\/uploads\/2016\/12\/patent-belgesi-150x150.jpg 150w, http:\/\/www.t-seyithanoglu.com\/wp-content\/uploads\/2016\/12\/patent-belgesi-45x45.jpg 45w\" sizes=\"(max-width: 150px) 100vw, 150px\" \/><\/a>\n\t\t\t<\/dt><\/dl><dl class='gallery-item'>\n\t\t\t<dt class='gallery-icon portrait'>\n\t\t\t\t<a href='http:\/\/www.t-seyithanoglu.com\/wp-content\/uploads\/2016\/12\/teoman_seyithanoglu_galeri1.jpg'><img width=\"150\" height=\"150\" src=\"http:\/\/www.t-seyithanoglu.com\/wp-content\/uploads\/2016\/12\/teoman_seyithanoglu_galeri1-150x150.jpg\" class=\"attachment-thumbnail size-thumbnail\" alt=\"\" loading=\"lazy\" srcset=\"http:\/\/www.t-seyithanoglu.com\/wp-content\/uploads\/2016\/12\/teoman_seyithanoglu_galeri1-150x150.jpg 150w, http:\/\/www.t-seyithanoglu.com\/wp-content\/uploads\/2016\/12\/teoman_seyithanoglu_galeri1-45x45.jpg 45w\" sizes=\"(max-width: 150px) 100vw, 150px\" \/><\/a>\n\t\t\t<\/dt><\/dl><dl class='gallery-item'>\n\t\t\t<dt class='gallery-icon landscape'>\n\t\t\t\t<a href='http:\/\/www.t-seyithanoglu.com\/wp-content\/uploads\/2016\/12\/teoman_seyithanoglu_galeri2.jpg'><img width=\"150\" height=\"150\" src=\"http:\/\/www.t-seyithanoglu.com\/wp-content\/uploads\/2016\/12\/teoman_seyithanoglu_galeri2-150x150.jpg\" class=\"attachment-thumbnail size-thumbnail\" alt=\"\" loading=\"lazy\" srcset=\"http:\/\/www.t-seyithanoglu.com\/wp-content\/uploads\/2016\/12\/teoman_seyithanoglu_galeri2-150x150.jpg 150w, http:\/\/www.t-seyithanoglu.com\/wp-content\/uploads\/2016\/12\/teoman_seyithanoglu_galeri2-45x45.jpg 45w\" sizes=\"(max-width: 150px) 100vw, 150px\" \/><\/a>\n\t\t\t<\/dt><\/dl><dl class='gallery-item'>\n\t\t\t<dt class='gallery-icon landscape'>\n\t\t\t\t<a href='http:\/\/www.t-seyithanoglu.com\/wp-content\/uploads\/2016\/12\/teoman_seyithanoglu_galeri3.jpg'><img width=\"150\" height=\"150\" src=\"http:\/\/www.t-seyithanoglu.com\/wp-content\/uploads\/2016\/12\/teoman_seyithanoglu_galeri3-150x150.jpg\" class=\"attachment-thumbnail size-thumbnail\" alt=\"\" loading=\"lazy\" srcset=\"http:\/\/www.t-seyithanoglu.com\/wp-content\/uploads\/2016\/12\/teoman_seyithanoglu_galeri3-150x150.jpg 150w, http:\/\/www.t-seyithanoglu.com\/wp-content\/uploads\/2016\/12\/teoman_seyithanoglu_galeri3-45x45.jpg 45w\" sizes=\"(max-width: 150px) 100vw, 150px\" \/><\/a>\n\t\t\t<\/dt><\/dl><br style=\"clear: both\" \/>\n\t\t<\/div>\n\n<\/div>\n<\/div>\n<\/div>\n<\/div>\n<\/div>\n","protected":false},"excerpt":{"rendered":"<p>1943 y\u0131l\u0131nda do\u011fmu\u015ftur. Hakim Abd\u00fclgani Seyithano\u011flu\u2019nun 4 erkek evlad\u0131ndan ikincisidir. \u0130lkokul tahsiline 1950 y\u0131l\u0131nda \u0130zmir Kar\u015f\u0131yaka\u2019da ba\u015flam\u0131\u015f, ilkokulu 1955 y\u0131l\u0131nda Kahramanmara\u015f\u2019ta bitirmi\u015ftir. K\u0131r\u015fehir Lisesi\u2019nden 1961 y\u0131l\u0131nda mezun olduktan sonra \u00f6nce Ortado\u011fu Teknik \u00dcniversitesi\u2019nin Elektrik ve Elektronik M\u00fchendisli\u011fi B\u00f6l\u00fcm\u00fc\u2019ne 4 y\u0131l devam etmi\u015f ve bu arada Ankara \u00dcniversitesi Siyasal Bilgiler Fak\u00fcltesi\u2019nde de 1 y\u0131l s\u00fcreyle \u00f6\u011frencilik&#8230;<\/p>\n","protected":false},"author":1,"featured_media":0,"parent":0,"menu_order":0,"comment_status":"closed","ping_status":"closed","template":"","meta":[],"_links":{"self":[{"href":"http:\/\/www.t-seyithanoglu.com\/index.php?rest_route=\/wp\/v2\/pages\/5956"}],"collection":[{"href":"http:\/\/www.t-seyithanoglu.com\/index.php?rest_route=\/wp\/v2\/pages"}],"about":[{"href":"http:\/\/www.t-seyithanoglu.com\/index.php?rest_route=\/wp\/v2\/types\/page"}],"author":[{"embeddable":true,"href":"http:\/\/www.t-seyithanoglu.com\/index.php?rest_route=\/wp\/v2\/users\/1"}],"replies":[{"embeddable":true,"href":"http:\/\/www.t-seyithanoglu.com\/index.php?rest_route=%2Fwp%2Fv2%2Fcomments&post=5956"}],"version-history":[{"count":6,"href":"http:\/\/www.t-seyithanoglu.com\/index.php?rest_route=\/wp\/v2\/pages\/5956\/revisions"}],"predecessor-version":[{"id":6038,"href":"http:\/\/www.t-seyithanoglu.com\/index.php?rest_route=\/wp\/v2\/pages\/5956\/revisions\/6038"}],"wp:attachment":[{"href":"http:\/\/www.t-seyithanoglu.com\/index.php?rest_route=%2Fwp%2Fv2%2Fmedia&parent=5956"}],"curies":[{"name":"wp","href":"https:\/\/api.w.org\/{rel}","templated":true}]}}